{"id":18758,"date":"2024-03-08T15:35:54","date_gmt":"2024-03-08T14:35:54","guid":{"rendered":"https:\/\/www.berliner-baerenfreunde.de\/web\/?page_id=18758"},"modified":"2024-03-08T15:36:38","modified_gmt":"2024-03-08T14:36:38","slug":"unser-gaestebuch","status":"publish","type":"page","link":"https:\/\/www.berliner-baerenfreunde.de\/web\/unser-gaestebuch\/","title":{"rendered":"Unser G\u00e4stebuch"},"content":{"rendered":"<p><!--more--><\/p>\n<p>Das G\u00e4stebuch ist f\u00fcr alle Besucher da. Haben Sie Anmerkungen, Fragen, Kritik oder wollen Sie einfach nur eine Gru\u00dfbotschaft an die Berliner B\u00e4renfreunde senden &#8211; kein Problem. Tragen Sie sich einfach in das G\u00e4stebuch ein.<\/p>\n<p>Bitte beachten Sie, dass Sie die <strong>Daten korrekt angeben<\/strong>. Denn zum einen werden nur Eintr\u00e4ge ver\u00f6ffentlicht, die vollst\u00e4ndige Angaben enthalten, zum anderen muss der Verein die Chance haben, auf Eintr\u00e4ge reagieren zu k\u00f6nnen und somit ggf. mit Ihnen in Kontakt zu treten.<\/p>\n<p>Zudem beh\u00e4lt sich der Verein vor, G\u00e4stebucheintr\u00e4ge zu ver\u00f6ffentlichen oder zu k\u00fcrzen. Eintr\u00e4ge, die <strong>Beleidigungen<\/strong>, <strong>Unsachlichkeiten <\/strong>oder <strong>haltlose Darstellungen<\/strong> enthalten, werden generell<strong> nicht ver\u00f6ffentlicht<\/strong>. Wir vom Verein sind f\u00fcr alle Meinungen offen, jedoch nur unter der Voraussetzung, dass o.g. Punkte eingehalten werden. Wer sachlich schreibt, wird auch hier ver\u00f6ffentlicht.<\/p>\n<p>Mit dem Absenden des Formulars stimmen Sie unseren Datenschutzbestimmungen zu, <a href=\"https:\/\/www.berliner-baerenfreunde.de\/web\/datenschutzerklaerung\/\">die Sie hier finden<\/a>.<\/p>\n<hr \/>\n<div class=\"gwolle-gb\"><div class=\"gwolle-gb-messages-top-container\"><\/div>\n\t\t\t<div class=\"gwolle-gb-write-button\">\n\t\t\t\t<input type=\"button\" name=\"gwolle-gb-write-button\" class=\"button btn btn-default \" value=\"Neuen Eintrag schreiben\" aria-expanded=\"false\" \/>\n\t\t\t<\/div>\n\t\t\t<form action=\"#\" method=\"POST\" class=\"gwolle-gb-write gwolle-gb-hide gwolle-gb-float gwolle-gb-form-ajax gwolle-gb-ajax gwolle-gb-not-logged-in\">\n\t\t\t\t<h3>Einen neuen Eintrag f\u00fcr das G\u00e4stebuch schreiben<\/h3>\n\t\t\t\t<button type=\"button\" class=\"gb-notice-dismiss\">x<span class=\"screen-reader-text\">Dieses Formular ausblenden<\/span><\/button>\n\t\t\t\n\t\t\t\t<input type=\"hidden\" name=\"gwolle_gb_function\" class=\"gwolle_gb_function\" value=\"add_entry\" \/><input type=\"hidden\" name=\"gwolle_gb_book_id\" class=\"gwolle_gb_book_id\" value=\"1\" \/><div class=\"gwolle_gb_1b11c6fbe73eb9360f31f66d91d58f27\">\n\t\t\t\t<div class=\"label\"><label for=\"gwolle_gb_1b11c6fbe73eb9360f31f66d91d58f27-1\" class=\"text-info\">Name <span class=\"required\">*<\/span><\/label><\/div>\n\t\t\t\t<div class=\"input\"><input class=\"wp-exclude-emoji gwolle_gb_1b11c6fbe73eb9360f31f66d91d58f27\" value=\"\" type=\"text\" id=\"gwolle_gb_1b11c6fbe73eb9360f31f66d91d58f27-1\" name=\"gwolle_gb_1b11c6fbe73eb9360f31f66d91d58f27\" required \/><\/div>\n\t\t\t\t<div class=\"clearBoth\">&nbsp;<\/div>\n\t\t\t<\/div><div class=\"gwolle_gb_e6146254b1f8e0ecdc8f8a8e5ad30726\">\n\t\t\t\t\t<div class=\"label\"><label for=\"gwolle_gb_e6146254b1f8e0ecdc8f8a8e5ad30726-1\" class=\"text-info\">Stadt<\/label><\/div>\n\t\t\t\t\t<div class=\"input\"><input class=\"wp-exclude-emoji gwolle_gb_e6146254b1f8e0ecdc8f8a8e5ad30726\" value=\"\" type=\"text\" id=\"gwolle_gb_e6146254b1f8e0ecdc8f8a8e5ad30726-1\" name=\"gwolle_gb_e6146254b1f8e0ecdc8f8a8e5ad30726\" \/><\/div>\n\t\t\t\t\t<div class=\"clearBoth\">&nbsp;<\/div>\n\t\t\t\t<\/div><div class=\"gwolle_gb_5e8b8d1c139b96fe0e41a61efc391cb3\">\n\t\t\t\t<div class=\"label\"><label for=\"gwolle_gb_5e8b8d1c139b96fe0e41a61efc391cb3-1\" class=\"text-info\">E-Mail <span class=\"required\">*<\/span><\/label><\/div>\n\t\t\t\t<div class=\"input\"><input class=\"gwolle_gb_5e8b8d1c139b96fe0e41a61efc391cb3\" value=\"\" type=\"email\" id=\"gwolle_gb_5e8b8d1c139b96fe0e41a61efc391cb3-1\" name=\"gwolle_gb_5e8b8d1c139b96fe0e41a61efc391cb3\" required \/><\/div>\n\t\t\t\t<div class=\"clearBoth\">&nbsp;<\/div>\n\t\t\t<\/div><div class=\"gwolle_gb_45a57ff3a5fac63cb0af5ebe30e09455\">\n\t\t\t\t<div class=\"label\"><label for=\"gwolle_gb_45a57ff3a5fac63cb0af5ebe30e09455-1\" class=\"text-info\">Website<\/label><\/div>\n\t\t\t\t<div class=\"input\"><input class=\"gwolle_gb_45a57ff3a5fac63cb0af5ebe30e09455\" value=\"\" type=\"url\" id=\"gwolle_gb_45a57ff3a5fac63cb0af5ebe30e09455-1\" name=\"gwolle_gb_45a57ff3a5fac63cb0af5ebe30e09455\" \/><\/div>\n\t\t\t\t<div class=\"clearBoth\">&nbsp;<\/div>\n\t\t\t<\/div>\n\t\t\t<div class=\"gwolle_gb_3720b5cda2454d1cf0f7ce468ab32070\" style=\"display:none;overflow:hidden;\" hidden=\"true\" aria-hidden=\"true\">\n\t\t\t\t<div class=\"label\">\n\t\t\t\t\t<label for=\"gwolle_gb_3720b5cda2454d1cf0f7ce468ab32070-1\" class=\"text-primary\">Hier nichts eingeben<\/label>\n\t\t\t\t\t<label for=\"gwolle_gb_96f0406ef0a223d7f2391bd70fe75d21-1\" class=\"text-primary\">Hier nichts eingeben<\/label>\n\t\t\t\t<\/div>\n\t\t\t\t<div class=\"input\">\n\t\t\t\t\t<input value=\"42\" type=\"text\" id=\"gwolle_gb_3720b5cda2454d1cf0f7ce468ab32070-1\" name=\"gwolle_gb_3720b5cda2454d1cf0f7ce468ab32070\" class=\"gwolle_gb_3720b5cda2454d1cf0f7ce468ab32070\" style=\"transform: translateY(10000px);\" \/>\n\t\t\t\t\t<input value=\"\" type=\"text\" name=\"gwolle_gb_96f0406ef0a223d7f2391bd70fe75d21\" id=\"gwolle_gb_96f0406ef0a223d7f2391bd70fe75d21-1\" class=\"gwolle_gb_96f0406ef0a223d7f2391bd70fe75d21\" style=\"transform: translateY(10000px);\" \/>\n\t\t\t\t<\/div>\n\t\t\t\t<div class=\"clearBoth\"><\/div>\n\t\t\t<\/div>\n\t\t\t<div class=\"gwolle_gb_a771a6c783613fc20305c46ffc0df28f\" style=\"display:none;overflow:hidden;\" hidden=\"true\" aria-hidden=\"true\">\n\t\t\t\t<div class=\"label\">\n\t\t\t\t\t<label for=\"gwolle_gb_a771a6c783613fc20305c46ffc0df28f-1\" class=\"text-primary\">Hier nichts eingeben<\/label>\n\t\t\t\t\t<label for=\"gwolle_gb_11b991ffdeb5e75686c04554bf20b5d2-1\" class=\"text-primary\">Hier nichts eingeben<\/label>\n\t\t\t\t<\/div>\n\t\t\t\t<div class=\"input\">\n\t\t\t\t\t<input value=\"77940\" type=\"text\" id=\"gwolle_gb_a771a6c783613fc20305c46ffc0df28f-1\" name=\"gwolle_gb_a771a6c783613fc20305c46ffc0df28f\" class=\"gwolle_gb_a771a6c783613fc20305c46ffc0df28f\" style=\"transform: translateY(10000px);\" \/>\n\t\t\t\t\t<input value=\"77940\" type=\"text\"id=\"gwolle_gb_11b991ffdeb5e75686c04554bf20b5d2-1\" name=\"gwolle_gb_11b991ffdeb5e75686c04554bf20b5d2\" class=\"gwolle_gb_11b991ffdeb5e75686c04554bf20b5d2\" style=\"transform: translateY(10000px);\" \/>\n\t\t\t\t<\/div>\n\t\t\t\t<div class=\"clearBoth\"><\/div>\n\t\t\t<\/div><div class=\"gwolle_gb_content\">\n\t\t\t\t<div class=\"label\"><label for=\"gwolle_gb_content-1\" class=\"text-info\">G\u00e4stebucheintrag <span class=\"required\">*<\/span><\/label><\/div>\n\t\t\t\t<div class=\"input\"><textarea id=\"gwolle_gb_content-1\" name=\"gwolle_gb_content\" class=\"gwolle_gb_content wp-exclude-emoji\" required ><\/textarea><\/div>\n\t\t\t\t\t<div class=\"clearBoth\">&nbsp;<\/div>\n\t\t\t\t<\/div>\n\t\t\t\t<div class=\"gwolle_gb_antispam gwolle-gb-antispam\">\n\t\t\t\t\t<div class=\"label\">\n\t\t\t\t\t\t<label for=\"gwolle_gb_3180cd5bea00bf258a7af6631083c29b-1\" class=\"text-info\">Frage: 2 x 9 = ? <span class=\"required\">*<\/span><\/label>\n\t\t\t\t\t<\/div>\n\t\t\t\t\t<div class=\"input\"><input class=\"gwolle_gb_3180cd5bea00bf258a7af6631083c29b\" value=\"\" type=\"text\" id=\"gwolle_gb_3180cd5bea00bf258a7af6631083c29b-1\" name=\"gwolle_gb_3180cd5bea00bf258a7af6631083c29b\" required \/>\n\t\t\t\t\t\t<\/div>\n\t\t\t\t\t\t<div class=\"clearBoth\">&nbsp;<\/div>\n\t\t\t\t\t<\/div><input type=\"hidden\" class=\"gwolle_gb_b3c4ad4aa08adf815aa2aa5d187b5e4a\" id=\"gwolle_gb_b3c4ad4aa08adf815aa2aa5d187b5e4a-1\" name=\"gwolle_gb_b3c4ad4aa08adf815aa2aa5d187b5e4a\" value=\"bf159de852\" \/>\n\t\t\t<div class=\"gwolle-gb-messages-bottom-container\"><\/div>\n\n\t\t\t<noscript><div class=\"no-js\">Warnung: Dieses Formular kann nur verwendet werden, wenn in deinem Browser JavaScript aktiviert ist.<\/div><\/noscript>\n\n\t\t\t<div class=\"gwolle_gb_submit gwolle-gb-submit\">\n\t\t\t\t<div class=\"label gwolle-gb-invisible text-muted\">&nbsp;<\/div>\n\t\t\t\t<div class=\"input\">\n\t\t\t\t\t<input type=\"submit\" name=\"gwolle_gb_submit\" class=\"gwolle_gb_submit button btn btn-primary \" value=\"Absenden\" \/>\n\t\t\t\t\t<span class=\"gwolle_gb_submit_ajax_icon gwolle-gb-submit-ajax-icon\"><\/span>\n\t\t\t\n\t\t\t\t<\/div>\n\t\t\t\t<div class=\"clearBoth\">&nbsp;<\/div>\n\t\t\t<\/div>\n\n\t\t\t<div class=\"gwolle_gb_notice gwolle-gb-notice\">\n\t\t\t\tMit * gekennzeichnete Felder sind erforderlich.<br \/>\r\nDie E-Mail-Adresse wird nicht ver\u00f6ffentlicht.<br \/>\r\nEs ist m\u00f6glich, dass der Eintrag im G\u00e4stebuch erst sichtbar ist, nachdem wir ihn \u00fcberpr\u00fcft haben.<br \/>\r\nWir behalten uns vor, Eintr\u00e4ge zu bearbeiten, zu l\u00f6schen oder nicht zu ver\u00f6ffentlichen.\n\t\t\t<\/div><\/form>\n\t\t\t\t<div class=\"page-navigation\">\n\t\t\t\t\t<span class=\"screen-reader-text\">Navigation der G\u00e4stebuchliste<\/span><span class=\"page-numbers current\">1<\/span><a href=\"https:\/\/www.berliner-baerenfreunde.de\/web\/unser-gaestebuch\/?pageNum=2\" title=\"Seite 2\">2<\/a><a href=\"https:\/\/www.berliner-baerenfreunde.de\/web\/unser-gaestebuch\/?pageNum=3\" title=\"Seite 3\">3<\/a><a href=\"https:\/\/www.berliner-baerenfreunde.de\/web\/unser-gaestebuch\/?pageNum=4\" title=\"Seite 4\">4<\/a><a href=\"https:\/\/www.berliner-baerenfreunde.de\/web\/unser-gaestebuch\/?pageNum=5\" title=\"Seite 5\">5<\/a><span class=\"page-numbers dots\">...<\/span><a href=\"https:\/\/www.berliner-baerenfreunde.de\/web\/unser-gaestebuch\/?pageNum=15\" title=\"Seite 15\">15<\/a><a href=\"https:\/\/www.berliner-baerenfreunde.de\/web\/unser-gaestebuch\/?pageNum=2\" title=\"N\u00e4chste Seite\" rel=\"next\">&rarr;<\/a><\/div>\n\t\t<div class=\"gwolle-gb-read gwolle-gb-ajax gwolle-gb-entries-list\" data-book_id=\"1\" data-page_id=\"1\">\n\t\t<div id=\"gwolle-gb-total\" class=\"gwolle-gb-total\">293 Eintr\u00e4ge<\/div><!-- Gwolle-GB Entry: Default Template Loaded -->\n\t\t\t\t<div class=\"gb-entry gb-entry_337 gb-entry-count_1 gwolle-gb-uneven gwolle-gb-first\" id=\"gb-entry_337\" data-entry_id=\"337\">\n\t\t\t\t<article>\n\t\t\t\t\t<div class=\"gb-author-info\">\n\t\t\t\t\t\t<span class=\"gb-author-name\">Hans Vetter\n\t\t\t\t\t\t<\/span>\n\t\t\t\t\t\t<span class=\"gb-author-origin\">\n\t\t\t\t\t\t\t<span class=\"gb-author-origin-from-text\"> aus<\/span>\n\t\t\t\t\t\t\t<span class=\"gb-author-origin-text\"> Frankfurt am Main<\/span>\n\t\t\t\t\t\t<\/span>\n\t\t\t\t\t\t<span class=\"gb-datetime\">\n\t\t\t\t\t\t\t<span class=\"gb-date\"><span class=\"gb-date-wrote-text\"> schrieb am<\/span><span class=\"gb-date-text\"> 13. Januar 2026<\/span>\n\t\t\t\t\t\t\t<\/span>\n\t\t\t\t\t\t<\/span> \n\t\t\t\t\t<\/div>\n\t\t\t\t\t<div class=\"gb-entry-content\">Liebe Frau Junge und B\u00e4renfreunde Team<br \/>\r\n<br \/>\r\nin dieser Woche gedenke ich wieder liebe-voll an die Geburtstage<br \/>\r\nvon Maxi und Schnute<br \/>\r\n(14. Januar 1986 - 23. August 2013)<br \/>\r\n(18. Januar 1981 - 11. Oktober 2015)<br \/>\r\n<br \/>\r\nMeine Erinnerungen werden f\u00fcr mich seit 2008 unvergessen bleiben, sie haben immer einen w\u00e4rmenden Platz in meinem<br \/>\r\nHerzen gefunden.<br \/>\r\n<br \/>\r\nHerzliche Teddygr\u00fc\u00dfe nach B\u00e4rlin<br \/>\r\nEuer Exferiengast<br \/>\r\nHans Vetter  60431 Frankfurt am Main\n\t\t\t\t\t<\/div>\n\t\t\t\t<\/article>\n\t\t\t<\/div>\n\t\t\t<div class=\"gb-entry gb-entry_336 gb-entry-count_2 gwolle-gb-even\" id=\"gb-entry_336\" data-entry_id=\"336\">\n\t\t\t\t<article>\n\t\t\t\t\t<div class=\"gb-author-info\">\n\t\t\t\t\t\t<span class=\"gb-author-name\">Hans Vetter\n\t\t\t\t\t\t<\/span>\n\t\t\t\t\t\t<span class=\"gb-author-origin\">\n\t\t\t\t\t\t\t<span class=\"gb-author-origin-from-text\"> aus<\/span>\n\t\t\t\t\t\t\t<span class=\"gb-author-origin-text\"> Frankfurt am Main<\/span>\n\t\t\t\t\t\t<\/span>\n\t\t\t\t\t\t<span class=\"gb-datetime\">\n\t\t\t\t\t\t\t<span class=\"gb-date\"><span class=\"gb-date-wrote-text\"> schrieb am<\/span><span class=\"gb-date-text\"> 24. Dezember 2025<\/span>\n\t\t\t\t\t\t\t<\/span>\n\t\t\t\t\t\t<\/span> \n\t\t\t\t\t<\/div>\n\t\t\t\t\t<div class=\"gb-entry-content\">Liebe Frau Junge und Team,<br \/>\nliebe Teddyfreunde aus Nah und Fern<br \/>\n<br \/>\neine besinnlich friedvolle Weihnachtszeit<br \/>\nverbunden mit den allerbesten W\u00fcnschen.<br \/>\nM\u00f6ge Gesundheit im neuen Jahr 2026 <br \/>\nstets euer Begleiter auf allen Wegen sein.<br \/>\n                            <br \/>\nB\u00e4rige Teddygr\u00fc\u00dfe aus Frankfurt am Main<br \/>\n<br \/>\nHans Vetter\n\t\t\t\t\t<\/div>\n\t\t\t\t<\/article>\n\t\t\t<\/div>\n\t\t\t<div class=\"gb-entry gb-entry_334 gb-entry-count_3 gwolle-gb-uneven\" id=\"gb-entry_334\" data-entry_id=\"334\">\n\t\t\t\t<article>\n\t\t\t\t\t<div class=\"gb-author-info\">\n\t\t\t\t\t\t<span class=\"gb-author-name\">Dr. Ursula Christina Fellberg\n\t\t\t\t\t\t<\/span>\n\t\t\t\t\t\t<span class=\"gb-author-origin\">\n\t\t\t\t\t\t\t<span class=\"gb-author-origin-from-text\"> aus<\/span>\n\t\t\t\t\t\t\t<span class=\"gb-author-origin-text\"> M\u00fcnchen<\/span>\n\t\t\t\t\t\t<\/span>\n\t\t\t\t\t\t<span class=\"gb-datetime\">\n\t\t\t\t\t\t\t<span class=\"gb-date\"><span class=\"gb-date-wrote-text\"> schrieb am<\/span><span class=\"gb-date-text\"> 12. Januar 2025<\/span>\n\t\t\t\t\t\t\t<\/span>\n\t\t\t\t\t\t<\/span> \n\t\t\t\t\t<\/div>\n\t\t\t\t\t<div class=\"gb-entry-content\">Liebe Frau Junge, liebe Vereinsmitglieder,<br \/>\r\nich w\u00fcnsche allen ein gesundes und friedliches 2025 und viele weitere b\u00e4rige Initiativen. Aus dem sch\u00f6nen Bayern verfolge ich mit gro\u00dfem Interesse die Aktivit\u00e4ten rund um den Berliner B\u00e4ren und lese gern ihre interessante Zeitschrift. In Erinnerung an Schnute, Maxi und all die anderen B\u00e4ren im Berliner B\u00e4renzwinger habe ich jetzt wieder eine Patenschaft f\u00fcr einen B\u00e4ren \u00fcbernommen (siehe meine Webseite). Ich danke auch f\u00fcr das Interesse an der Sammlung Fellberg. Mit b\u00e4rigen Gr\u00fc\u00dfen in meine Heimatstadt Berlin...UCF\n\t\t\t\t\t<\/div>\n\t\t\t\t\t<div class=\"gb-entry-admin_reply\">\n\t\t\t\t\t\t<div class=\"gb-admin-reply-uid\">\n\t\t\t\t\t\t\t<em>Administrator-Antwort von: christa<\/em>\n\t\t\t\t\t\t<\/div> \n\t\t\t\t\t\t<div class=\"gb-admin-reply-content\">\n\t\t\t\t\t\tLiebe Frau Dr. Fellberg,<br \/>\r\nherzlichen Dank f\u00fcr Ihre freundlichen W\u00fcnsche f\u00fcr 2025. Es freut uns sehr, dass Ihnen die Artikel in unserer Vereinszeitschrift gefallen, geht es hier doch um das Berliner Wappentier, den Berliner B\u00e4ren. Sie haben ja noch einen Koffer in Berlin und Berlin ist immer eine Reise wert!<br \/>\r\nDas Sie jetzt eine Patenschaft f\u00fcr das B\u00e4renkind &#034;Kuma&#034; \u00fcbernommen haben, ist wunderbar.  Wir freuen uns sehr, wenn wir weiterhin \u00fcber Ihre Aktivit\u00e4ten berichten k\u00f6nnen.<br \/>\r\nMit b\u00e4rigen Gr\u00fc\u00dfen aus Berlin<br \/>\r\n<br \/>\r\nChrista Junge\n\t\t\t\t\t\t<\/div>\n\t\t\t\t\t<\/div>\n\t\t\t\t<\/article>\n\t\t\t<\/div>\n\t\t\t<div class=\"gb-entry gb-entry_333 gb-entry-count_4 gwolle-gb-even\" id=\"gb-entry_333\" data-entry_id=\"333\">\n\t\t\t\t<article>\n\t\t\t\t\t<div class=\"gb-author-info\">\n\t\t\t\t\t\t<span class=\"gb-author-name\">Hans Vetter\n\t\t\t\t\t\t<\/span>\n\t\t\t\t\t\t<span class=\"gb-author-origin\">\n\t\t\t\t\t\t\t<span class=\"gb-author-origin-from-text\"> aus<\/span>\n\t\t\t\t\t\t\t<span class=\"gb-author-origin-text\"> 60431 Frankfurt\/Main<\/span>\n\t\t\t\t\t\t<\/span>\n\t\t\t\t\t\t<span class=\"gb-datetime\">\n\t\t\t\t\t\t\t<span class=\"gb-date\"><span class=\"gb-date-wrote-text\"> schrieb am<\/span><span class=\"gb-date-text\"> 22. Dezember 2024<\/span>\n\t\t\t\t\t\t\t<\/span>\n\t\t\t\t\t\t<\/span> \n\t\t\t\t\t<\/div>\n\t\t\t\t\t<div class=\"gb-entry-content\">Liebe Frau Junge und Team, Teddyfreunde von nah und fern                                     und wieder hat uns kurz vor Weihnachten     ein schreckliches Ereignis in Magdeburg<br \/>\nheimgesucht .........                                   F\u00fcr uns alle eine friedliche Weihnachtszeit    verbunden mit den allerbesten W\u00fcnschen           <br \/>\niim neuen Jahr 2025.                                  Gesundheit m\u00f6ge stets euer Begleiter auf    allen Wegen sein.                                   Schnute und Maxi immer in meinem Herzen.  B\u00e4rige Gr\u00fc\u00dfe     Hans Vetter\n\t\t\t\t\t<\/div>\n\t\t\t\t<\/article>\n\t\t\t<\/div>\n\t\t\t<div class=\"gb-entry gb-entry_331 gb-entry-count_5 gwolle-gb-uneven\" id=\"gb-entry_331\" data-entry_id=\"331\">\n\t\t\t\t<article>\n\t\t\t\t\t<div class=\"gb-author-info\">\n\t\t\t\t\t\t<span class=\"gb-author-name\">Dr. Dr. Reiner Ruppmann\n\t\t\t\t\t\t<\/span>\n\t\t\t\t\t\t<span class=\"gb-author-origin\">\n\t\t\t\t\t\t\t<span class=\"gb-author-origin-from-text\"> aus<\/span>\n\t\t\t\t\t\t\t<span class=\"gb-author-origin-text\"> K\u00f6ln<\/span>\n\t\t\t\t\t\t<\/span>\n\t\t\t\t\t\t<span class=\"gb-datetime\">\n\t\t\t\t\t\t\t<span class=\"gb-date\"><span class=\"gb-date-wrote-text\"> schrieb am<\/span><span class=\"gb-date-text\"> 13. Juli 2024<\/span>\n\t\t\t\t\t\t\t<\/span>\n\t\t\t\t\t\t<\/span> \n\t\t\t\t\t<\/div>\n\t\t\t\t\t<div class=\"gb-entry-content\">Liebe Frau Junge,<br \/>\r\n<br \/>\r\njedes Mal, wenn die B\u00e4renpost im Briefkasten liegt, bin ich<br \/>\r\ngespannt, was Sie und die anderen B\u00e4renfreunde wieder ausgegraben<br \/>\r\nhaben. Auch die neueste Ausgabe hat nicht entt\u00e4uscht, denn sie<br \/>\r\nbietet wiederum ein Kaleidoskop an B\u00e4rengeschichten, vor allem aus<br \/>\r\nBerlin. Erstaunlich, wie viel trotz der Kriegszerst\u00f6rungen \u00fcbrig<br \/>\r\ngeblieben ist und entdeckt wird. Und ebenso erstaunlich, in<br \/>\r\nwievielten Spielarten die Berliner B\u00e4r in der zeitgen\u00f6ssischen Kunst bzw. der street art auftaucht.<br \/>\r\nHerzlich<br \/>\r\nR. Ruppmann\n\t\t\t\t\t<\/div>\n\t\t\t\t\t<div class=\"gb-entry-admin_reply\">\n\t\t\t\t\t\t<div class=\"gb-admin-reply-uid\">\n\t\t\t\t\t\t\t<em>Administrator-Antwort von: christa<\/em>\n\t\t\t\t\t\t<\/div> \n\t\t\t\t\t\t<div class=\"gb-admin-reply-content\">\n\t\t\t\t\t\tLieber Herr Ruppmann,<br \/>\r\n<br \/>\r\nes freut uns, dass Sie sich seit vielen Jahren an den von uns gefundenen Berliner B\u00e4ren nicht nur in Berlin, sondern weltweit erfreuen. In den 20iger Jahren wurden oft an \u00f6ffentlichen Geb\u00e4uden, wie Schulen und Rath\u00e4user, fig\u00fcrliche Berliner B\u00e4ren angebracht. Auch in den letzten Jahren wurden viele Murals, auch Skulpturen und tempor\u00e4re Berliner B\u00e4ren entdeckt. Die Plakate der Berlinale geh\u00f6ren dazu.<br \/>\r\nWir freuen uns, Sie auch in der Ausgabe III. Quartal 2024 erneut \u00fcberraschen zu k\u00f6nnen.<br \/>\r\nLiebe Gr\u00fc\u00dfe aus B\u00e4rlin<br \/>\r\n<br \/>\r\nChrista Junge\n\t\t\t\t\t\t<\/div>\n\t\t\t\t\t<\/div>\n\t\t\t\t<\/article>\n\t\t\t<\/div>\n\t\t\t<div class=\"gb-entry gb-entry_330 gb-entry-count_6 gwolle-gb-even\" id=\"gb-entry_330\" data-entry_id=\"330\">\n\t\t\t\t<article>\n\t\t\t\t\t<div class=\"gb-author-info\">\n\t\t\t\t\t\t<span class=\"gb-author-name\">Bernd Schildger\n\t\t\t\t\t\t<\/span>\n\t\t\t\t\t\t<span class=\"gb-author-origin\">\n\t\t\t\t\t\t\t<span class=\"gb-author-origin-from-text\"> aus<\/span>\n\t\t\t\t\t\t\t<span class=\"gb-author-origin-text\"> Belp Schweiz<\/span>\n\t\t\t\t\t\t<\/span>\n\t\t\t\t\t\t<span class=\"gb-datetime\">\n\t\t\t\t\t\t\t<span class=\"gb-date\"><span class=\"gb-date-wrote-text\"> schrieb am<\/span><span class=\"gb-date-text\"> 13. Juli 2024<\/span>\n\t\t\t\t\t\t\t<\/span>\n\t\t\t\t\t\t<\/span> \n\t\t\t\t\t<\/div>\n\t\t\t\t\t<div class=\"gb-entry-content\">Liebe Frau Junge<br \/>\r\nVielen Dank f\u00fcr Ihr informatives Mitteilungsblatt. <br \/>\r\nUnd Kompliment an Berlin zu B\u00e4renidee zur EM.<br \/>\r\nHerzliche Gr\u00fcsse aus Belp<br \/>\r\nBernd Schildger\n\t\t\t\t\t<\/div>\n\t\t\t\t\t<div class=\"gb-entry-admin_reply\">\n\t\t\t\t\t\t<div class=\"gb-admin-reply-uid\">\n\t\t\t\t\t\t\t<em>Administrator-Antwort von: christa<\/em>\n\t\t\t\t\t\t<\/div> \n\t\t\t\t\t\t<div class=\"gb-admin-reply-content\">\n\t\t\t\t\t\tLieber Bernd Schildger,<br \/>\r\nvielen Dank f\u00fcr Ihren G\u00e4stebucheintrag.<br \/>\r\nDie Idee mit den EM B\u00e4ren ist toll. Die 24 B\u00e4ren sind drei Meter hoch und tragen die Landesfarben der teilnehmenden Mannschaften, der 25. B\u00e4r ist Alb\u00e4rt und hat eine gro\u00dfe Aufgabe.<br \/>\r\nAm 14. Juli ist das Endspiel der EM, Spanien gegen England. M\u00f6ge die bessere Mannschaft gewinnen. Die Schweiz hat sich doch gut geschlagen.<br \/>\r\nIch w\u00fcnsche Ihnen einen sch\u00f6nen Sommer.<br \/>\r\nHerzliche Gr\u00fc\u00dfe aus B\u00e4rlin<br \/>\r\n<br \/>\r\nChrista Junge\n\t\t\t\t\t\t<\/div>\n\t\t\t\t\t<\/div>\n\t\t\t\t<\/article>\n\t\t\t<\/div>\n\t\t\t<div class=\"gb-entry gb-entry_328 gb-entry-count_7 gwolle-gb-uneven\" id=\"gb-entry_328\" data-entry_id=\"328\">\n\t\t\t\t<article>\n\t\t\t\t\t<div class=\"gb-author-info\">\n\t\t\t\t\t\t<span class=\"gb-author-name\"><i class=\"gb-moderator\">Hans Vetter<\/i>\n\t\t\t\t\t\t<\/span>\n\t\t\t\t\t\t<span class=\"gb-author-origin\">\n\t\t\t\t\t\t\t<span class=\"gb-author-origin-from-text\"> aus<\/span>\n\t\t\t\t\t\t\t<span class=\"gb-author-origin-text\"> Frankfurt am Main<\/span>\n\t\t\t\t\t\t<\/span>\n\t\t\t\t\t\t<span class=\"gb-datetime\">\n\t\t\t\t\t\t\t<span class=\"gb-date\"><span class=\"gb-date-wrote-text\"> schrieb am<\/span><span class=\"gb-date-text\"> 8. M\u00e4rz 2024<\/span>\n\t\t\t\t\t\t\t<\/span>\n\t\t\t\t\t\t<\/span> \n\t\t\t\t\t<\/div>\n\t\t\t\t\t<div class=\"gb-entry-content\">Liebe Frau Junge und B\u00e4renfreundeteam, Teddyfreunde aus Nah und Fern<br \/>\r\n<br \/>\r\nin der kommenden Woche gedenke ich wieder liebevoll an die Geburtstage<br \/>\r\nvon Maxi (14. Jan. 1986 - 23. Aug. 2013 ) und Schnute (18. Jan. 1981 - 11. Okt. 2015).<br \/>\r\n<br \/>\r\nSie haben stets einen w\u00e4rmenden Platz in meinem Herzen gefunden und mir seit 2008 immer sehr viel Freude vermittelt.<br \/>\r\n<br \/>\r\nDabei denke ich auch an das Pflegeteam Frau Gnad, Frau Kutzner und Herrn Jansen gerne zur\u00fcck. In diesem Sinne, ich w\u00fcnsche euch eine gesunde und friedvolle Zeit.<br \/>\r\n<br \/>\r\nHerzliche Teddygr\u00fc\u00dfe<br \/>\r\nEuer Feriengast Hans Vetter<br \/>\r\nFrankfurt am Main\n\t\t\t\t\t<\/div>\n\t\t\t\t<\/article>\n\t\t\t<\/div>\n\t\t\t<div class=\"gb-entry gb-entry_3 gb-entry-count_8 gwolle-gb-even\" id=\"gb-entry_3\" data-entry_id=\"3\">\n\t\t\t\t<article>\n\t\t\t\t\t<div class=\"gb-author-info\">\n\t\t\t\t\t\t<span class=\"gb-author-name\"><i class=\"gb-moderator\">christa<\/i>\n\t\t\t\t\t\t<\/span>\n\t\t\t\t\t\t<span class=\"gb-datetime\">\n\t\t\t\t\t\t\t<span class=\"gb-date\"><span class=\"gb-date-wrote-text\"> schrieb am<\/span><span class=\"gb-date-text\"> 27. Dezember 2023<\/span>\n\t\t\t\t\t\t\t<\/span>\n\t\t\t\t\t\t<\/span> \n\t\t\t\t\t<\/div>\n\t\t\t\t\t<div class=\"gb-entry-content\">Lieber Herr Ruppmann,<br \/>\r\nvielen Dank f\u00fcr Ihren G\u00e4stebucheintrag. Wir freuen uns, wenn wir Sie mit unseren &#034;Berliner B\u00e4ren&#034; \u00fcberraschen k\u00f6nnen.<br \/>\r\nEs ist auch f\u00fcr uns erstaunlich, dass es \u00fcber 670 B\u00e4ren in allen Formen, Farben, Materialien und Ausf\u00fchrungen gibt.<br \/>\r\nIn jedem Jahr kommen einige f\u00fcr uns neue Berliner B\u00e4ren dazu.<br \/>\r\nWir w\u00fcnschen Ihnen ein gesundes und erfolgreiches neues Jahr 2024! <br \/>\r\nMit herzlichen Gr\u00fc\u00dfen aus B\u00e4rlin.<br \/>\r\n<br \/>\r\nChrista Junge\n\t\t\t\t\t<\/div>\n\t\t\t\t<\/article>\n\t\t\t<\/div>\n\t\t\t<div class=\"gb-entry gb-entry_4 gb-entry-count_9 gwolle-gb-uneven\" id=\"gb-entry_4\" data-entry_id=\"4\">\n\t\t\t\t<article>\n\t\t\t\t\t<div class=\"gb-author-info\">\n\t\t\t\t\t\t<span class=\"gb-author-name\">Dr. Reiner Ruppmann\n\t\t\t\t\t\t<\/span>\n\t\t\t\t\t\t<span class=\"gb-datetime\">\n\t\t\t\t\t\t\t<span class=\"gb-date\"><span class=\"gb-date-wrote-text\"> schrieb am<\/span><span class=\"gb-date-text\"> 27. Dezember 2023<\/span>\n\t\t\t\t\t\t\t<\/span>\n\t\t\t\t\t\t<\/span> \n\t\t\t\t\t<\/div>\n\t\t\t\t\t<div class=\"gb-entry-content\">Liebe Frau Junge,<br \/>\r\n<br \/>\r\nbesten Dank f\u00fcr die Zusendung des neuesten B\u00e4ren-Heftes. Es erstaunt mich immer wieder, mit welcher Akribie Sie und andere Zuarbeiter*innen B\u00e4ren-Reliefs oder -Skulpturen in Berlin und andernorts aufsp\u00fcren und beschreiben! Vordergr\u00fcndig denkt man, dass in Berlin schon l\u00e4ngst alle B\u00e4ren erfasst sind\u2026.<br \/>\r\n<br \/>\r\nEs macht Freude, Ihre Passion zu verfolgen und die Berichte zu lesen.<br \/>\r\n<br \/>\r\nAlles Gute f\u00fcr das Jahr 2024 und weiterhin b\u00e4renstarke neue Erkenntnisse<br \/>\r\n<br \/>\r\nReiner Ruppmann\n\t\t\t\t\t<\/div>\n\t\t\t\t<\/article>\n\t\t\t<\/div>\n\t\t\t<div class=\"gb-entry gb-entry_5 gb-entry-count_10 gwolle-gb-even\" id=\"gb-entry_5\" data-entry_id=\"5\">\n\t\t\t\t<article>\n\t\t\t\t\t<div class=\"gb-author-info\">\n\t\t\t\t\t\t<span class=\"gb-author-name\">Hans Vetter\n\t\t\t\t\t\t<\/span>\n\t\t\t\t\t\t<span class=\"gb-datetime\">\n\t\t\t\t\t\t\t<span class=\"gb-date\"><span class=\"gb-date-wrote-text\"> schrieb am<\/span><span class=\"gb-date-text\"> 20. Dezember 2023<\/span>\n\t\t\t\t\t\t\t<\/span>\n\t\t\t\t\t\t<\/span> \n\t\t\t\t\t<\/div>\n\t\t\t\t\t<div class=\"gb-entry-content\">Ho, ho, ho, ho                                                                                                                              ich komme aus dem Walde her und sage euch es weihnachtet sehr     <br \/>\r\n                                                                                                                                                           Liebe Frau Junge, liebes B\u00e4renfreunde Team und alle Teddyfreunde aus Nah und Fern.  <br \/>\r\n<br \/>\r\nDas Jahr 2023 hat wieder viele negative Spuren hinterlassen. Es gibt keine Gewinner.   <br \/>\r\n<br \/>\r\nF\u00fcr euch eine besinnliich friedvolle Weihnachtszeit verbunden mit den allerbesten W\u00fcnschen <br \/>\r\nin 2024, vor allem jedoch m\u00f6ge euch Gesundheit immer begleiten.<br \/>\r\n<br \/>\r\nSchnute und Maxi seit 2008 stets in meinem Herzen auf all meinen Wegen.<br \/>\r\n<br \/>\r\nHerzlich b\u00e4rige Teddygr\u00fc\u00dfe aus Frankfurt am Main     Euer Feriengast   Hans\n\t\t\t\t\t<\/div>\n\t\t\t\t<\/article>\n\t\t\t<\/div>\n\t\t\t<div class=\"gb-entry gb-entry_6 gb-entry-count_11 gwolle-gb-uneven\" id=\"gb-entry_6\" data-entry_id=\"6\">\n\t\t\t\t<article>\n\t\t\t\t\t<div class=\"gb-author-info\">\n\t\t\t\t\t\t<span class=\"gb-author-name\">Mike & Jazzband Berlin\n\t\t\t\t\t\t<\/span>\n\t\t\t\t\t\t<span class=\"gb-datetime\">\n\t\t\t\t\t\t\t<span class=\"gb-date\"><span class=\"gb-date-wrote-text\"> schrieb am<\/span><span class=\"gb-date-text\"> 8. November 2023<\/span>\n\t\t\t\t\t\t\t<\/span>\n\t\t\t\t\t\t<\/span> \n\t\t\t\t\t<\/div>\n\t\t\t\t\t<div class=\"gb-entry-content\">Ihr macht das ganz toll, macht weiter so! Meine Kinder sind begeistert von den B\u00e4ren.<br \/>\r\n<br \/>\r\nVielen Dank und ein ganz gro\u00dfes Lob an die Berliner B\u00e4renfreunde!\n\t\t\t\t\t<\/div>\n\t\t\t\t<\/article>\n\t\t\t<\/div>\n\t\t\t<div class=\"gb-entry gb-entry_7 gb-entry-count_12 gwolle-gb-even\" id=\"gb-entry_7\" data-entry_id=\"7\">\n\t\t\t\t<article>\n\t\t\t\t\t<div class=\"gb-author-info\">\n\t\t\t\t\t\t<span class=\"gb-author-name\">Marion Wiesen\n\t\t\t\t\t\t<\/span>\n\t\t\t\t\t\t<span class=\"gb-datetime\">\n\t\t\t\t\t\t\t<span class=\"gb-date\"><span class=\"gb-date-wrote-text\"> schrieb am<\/span><span class=\"gb-date-text\"> 5. November 2023<\/span>\n\t\t\t\t\t\t\t<\/span>\n\t\t\t\t\t\t<\/span> \n\t\t\t\t\t<\/div>\n\t\t\t\t\t<div class=\"gb-entry-content\">Liebe B\u00e4renfrende, <br \/>\r\nvielen Dank f\u00fcr die tolle Kooperation bei der <br \/>\r\nWiederentdeckung der Geschichte des Berlner Meilensteins<br \/>\r\nin Ihme-Roloven. Es hat mir gro\u00dfen Spa\u00df gemacht <br \/>\r\nsoviel \u00fcber das Berliner Wappentier und den \u00f6rtlichen<br \/>\r\nMeilenstein zu erfahren und ganz nebenbei <br \/>\r\nauch den Meilenstein in unserer nieders\u00e4chsischen<br \/>\r\nLandeshauptstadt wieder in das dortige Ged\u00e4chtnis zu <br \/>\r\nrufen.\n\t\t\t\t\t<\/div>\n\t\t\t\t<\/article>\n\t\t\t<\/div>\n\t\t\t<div class=\"gb-entry gb-entry_8 gb-entry-count_13 gwolle-gb-uneven\" id=\"gb-entry_8\" data-entry_id=\"8\">\n\t\t\t\t<article>\n\t\t\t\t\t<div class=\"gb-author-info\">\n\t\t\t\t\t\t<span class=\"gb-author-name\"><i class=\"gb-moderator\">christa<\/i>\n\t\t\t\t\t\t<\/span>\n\t\t\t\t\t\t<span class=\"gb-datetime\">\n\t\t\t\t\t\t\t<span class=\"gb-date\"><span class=\"gb-date-wrote-text\"> schrieb am<\/span><span class=\"gb-date-text\"> 26. Oktober 2023<\/span>\n\t\t\t\t\t\t\t<\/span>\n\t\t\t\t\t\t<\/span> \n\t\t\t\t\t<\/div>\n\t\t\t\t\t<div class=\"gb-entry-content\">Liebe Frau Dr. Fellberg,<br \/>\r\nwer noch seinen Koffer, sein Herz oder seine Wurzeln in Berlin hat, ist und bleibt Berliner. <br \/>\r\nWir freuen uns, dass Sie sich seit vielen Jahren durch unsere Vereinszeitung &#034;Der Berliner B\u00e4r&#034; \u00fcber die Berliner B\u00e4renszene informieren. In den n\u00e4chsten Jahren wird es unsere Vereinszeitung zum Wappentier Berlins weiterhin geben. <br \/>\r\nDass Ihre aktuelle Kolumne perfekt in die jetzige Zeit passt, Sie \u00fcber das Leben der b\u00e4rigen Figuren im Nikolaiviertel berichten und das das Zille Museum Geburtstag feiert, sind wichtige Informationen f\u00fcr Ihre Leser. Anfang Januar 2024 feiert Pinselheinrich, wie Heinrich Zille liebevoll genannt wurde, seinen 165. Geburtstag. Zum 150. Geburtstag von Heinrich Zille im Jahr 2008 wurde eine Thorsten Stegmann geschaffene Skulptur mit einer Tafel \u201e\u00dcberraschend ausgemergelt\u201c gekennzeichnet.<br \/>\r\nEine \u00e4ltere Skulptur wurde schon anl\u00e4sslich seines 100. Geburtstag von dem Bildhauer Heinrich Drake geschaffen. Die fertige Skulptur erhielt in den weiteren Jahren andere Aufstellungsorte, endg\u00fcltig wurde er 1962 an der Wallstra\u00dfe, am K\u00f6llnischen Park aufgestellt.<br \/>\r\n<br \/>\r\nDas Stadtteilportal f\u00fchrt die b\u00e4rige Erfolgsstory weiter und die aktuelle Kolumne wird durch Sie wieder aktuell und spannend. Wir w\u00fcnschen Ihnen weiterhin viele spannende Geschichten und auch das aktuelle hat seinen Platz.<br \/>\r\nB\u00e4rige Gr\u00fc\u00dfe aus B\u00e4rlin<br \/>\r\n<br \/>\r\nChrista Junge\n\t\t\t\t\t<\/div>\n\t\t\t\t<\/article>\n\t\t\t<\/div>\n\t\t\t<div class=\"gb-entry gb-entry_9 gb-entry-count_14 gwolle-gb-even\" id=\"gb-entry_9\" data-entry_id=\"9\">\n\t\t\t\t<article>\n\t\t\t\t\t<div class=\"gb-author-info\">\n\t\t\t\t\t\t<span class=\"gb-author-name\"><i class=\"gb-moderator\">Michael Damm<\/i>\n\t\t\t\t\t\t<\/span>\n\t\t\t\t\t\t<span class=\"gb-datetime\">\n\t\t\t\t\t\t\t<span class=\"gb-date\"><span class=\"gb-date-wrote-text\"> schrieb am<\/span><span class=\"gb-date-text\"> 24. Oktober 2023<\/span>\n\t\t\t\t\t\t\t<\/span>\n\t\t\t\t\t\t<\/span> \n\t\t\t\t\t<\/div>\n\t\t\t\t\t<div class=\"gb-entry-content\">Herzlichen Gl\u00fcckwunsch und Danke f\u00fcr die neue, sehr informative und<br \/>\r\nniveauvolle Ausgabe Der Berliner B\u00e4r 92.<br \/>\r\n<br \/>\r\nEindrucksvoller Bericht \u00fcber die Auff\u00fchrung von B\u00e4r*in und \u00dcberraschung: ein<br \/>\r\nneuer, alter Berliner Meilenstein in Schwarzenbek kommt auf unsere Liste -<br \/>\r\nmit dem Vermerk: zwischenzeitlich verschwunden, dann wiederhergestellt und<br \/>\r\nneu errichtet. Wird bald eingef\u00fcgt bei:<br \/>\r\nhttps:\/\/www.m1k.de\/berlinermeilensteine.html<br \/>\r\n<br \/>\r\nWieder ein tolles Heft des Vereins Berliner B\u00e4renfreunde e.V. und seinem<br \/>\r\nunerm\u00fcdlichen Vorstand Christa Junge!<br \/>\r\n<br \/>\r\nMichael Damm, Initiative Denkmalschutz f\u00fcr Berliner Meilensteine<br \/>\r\n<br \/>\r\nLiebe Gr\u00fc\u00dfe<br \/>\r\nMichael Damm\n\t\t\t\t\t<\/div>\n\t\t\t\t<\/article>\n\t\t\t<\/div>\n\t\t\t<div class=\"gb-entry gb-entry_10 gb-entry-count_15 gwolle-gb-uneven\" id=\"gb-entry_10\" data-entry_id=\"10\">\n\t\t\t\t<article>\n\t\t\t\t\t<div class=\"gb-author-info\">\n\t\t\t\t\t\t<span class=\"gb-author-name\">Dr. Ursula Fellberg\n\t\t\t\t\t\t<\/span>\n\t\t\t\t\t\t<span class=\"gb-datetime\">\n\t\t\t\t\t\t\t<span class=\"gb-date\"><span class=\"gb-date-wrote-text\"> schrieb am<\/span><span class=\"gb-date-text\"> 15. April 2023<\/span>\n\t\t\t\t\t\t\t<\/span>\n\t\t\t\t\t\t<\/span> \n\t\t\t\t\t<\/div>\n\t\t\t\t\t<div class=\"gb-entry-content\">Liebe Frau Junge, liebe B\u00e4renfreunde,<br \/>\r\neinmal Berliner, immer B\u00e4rliner...so freue ich mich immer \u00fcber die informative  Vereinszeitung und die aktuellen Nachrichten \u00fcber die Berliner B\u00e4renszene und \u00fcber News aus meiner Heimatstadt. Ich hoffe, Sie k\u00f6nnen diese Aufgaben noch lange wahrnehmen und weiter so b\u00e4rig informieren. <br \/>\r\n<br \/>\r\nDas Stadtteilportal Nikolaiviertel hat die b\u00e4rige Erfolgsstory weitergef\u00fchrt und ich freue mich, Ihnen die aktuelle Kolumne vorstellen zu k\u00f6nnen, in der ...na klar...auch die Berliner B\u00e4renfreunde erw\u00e4hnt sind. Viel Spa\u00df ...<br \/>\r\nIhre Dr. Ursula Fellberg<br \/>\r\n<br \/>\r\nhttps:\/\/berlin-nikolaiviertel.com\/2023\/04\/frische-baerenspuren-im-nikolaiviertel-gesichtet\/\n\t\t\t\t\t<\/div>\n\t\t\t\t<\/article>\n\t\t\t<\/div>\n\t\t\t<div class=\"gb-entry gb-entry_11 gb-entry-count_16 gwolle-gb-even\" id=\"gb-entry_11\" data-entry_id=\"11\">\n\t\t\t\t<article>\n\t\t\t\t\t<div class=\"gb-author-info\">\n\t\t\t\t\t\t<span class=\"gb-author-name\">Hans Vetter\n\t\t\t\t\t\t<\/span>\n\t\t\t\t\t\t<span class=\"gb-datetime\">\n\t\t\t\t\t\t\t<span class=\"gb-date\"><span class=\"gb-date-wrote-text\"> schrieb am<\/span><span class=\"gb-date-text\"> 14. Januar 2023<\/span>\n\t\t\t\t\t\t\t<\/span>\n\t\t\t\t\t\t<\/span> \n\t\t\t\t\t<\/div>\n\t\t\t\t\t<div class=\"gb-entry-content\">Liebe Frau Junge und Team,<br \/>\r\n<br \/>\r\nheute und am kommenden Mittwoch gedenke ich wieder liebevoll <br \/>\r\nan die Geburtstage von Maxi (14.1.1986 - 23.8.2013)<br \/>\r\n                          und Schnute (18.1.1981 - 11.10.2015) <br \/>\r\n<br \/>\r\nJa, die Jahre vergehen, aber meine Erinnerungen werden seit 2008 stets<br \/>\r\nunvergessen bleiben<br \/>\r\n<br \/>\r\nEuch w\u00fcnsche ich Gesundheit, ein friedvolles 2023 und viel Erfolg<br \/>\r\nbei all euren Aktivit\u00e4ten.<br \/>\r\n<br \/>\r\nB\u00e4rige Gr\u00fc\u00dfe aus Frankfurt am Main   Euer Feriengast  Hans\n\t\t\t\t\t<\/div>\n\t\t\t\t<\/article>\n\t\t\t<\/div>\n\t\t\t<div class=\"gb-entry gb-entry_12 gb-entry-count_17 gwolle-gb-uneven\" id=\"gb-entry_12\" data-entry_id=\"12\">\n\t\t\t\t<article>\n\t\t\t\t\t<div class=\"gb-author-info\">\n\t\t\t\t\t\t<span class=\"gb-author-name\">Christian Beck\n\t\t\t\t\t\t<\/span>\n\t\t\t\t\t\t<span class=\"gb-datetime\">\n\t\t\t\t\t\t\t<span class=\"gb-date\"><span class=\"gb-date-wrote-text\"> schrieb am<\/span><span class=\"gb-date-text\"> 25. Dezember 2022<\/span>\n\t\t\t\t\t\t\t<\/span>\n\t\t\t\t\t\t<\/span> \n\t\t\t\t\t<\/div>\n\t\t\t\t\t<div class=\"gb-entry-content\">Ihr macht super Arbeit daf\u00fcr m\u00f6chte ich Euch Danken. Der Schutz von Tieren ist mir sehr wichtig. Dabei spielt es f\u00fcr mich keine Rolle ob es dabei um Hunde, Katzen oder B\u00e4ren geht. Jedes Tier auf dieser Welt hat ein gutes Leben verdient. Ihr sorgt daf\u00fcr das das B\u00e4ren ein sch\u00f6nes Leben haben k\u00f6nnen. Dazu kann man nur Danke sagen.\n\t\t\t\t\t<\/div>\n\t\t\t\t<\/article>\n\t\t\t<\/div>\n\t\t\t<div class=\"gb-entry gb-entry_13 gb-entry-count_18 gwolle-gb-even\" id=\"gb-entry_13\" data-entry_id=\"13\">\n\t\t\t\t<article>\n\t\t\t\t\t<div class=\"gb-author-info\">\n\t\t\t\t\t\t<span class=\"gb-author-name\">Hans Vetter\n\t\t\t\t\t\t<\/span>\n\t\t\t\t\t\t<span class=\"gb-datetime\">\n\t\t\t\t\t\t\t<span class=\"gb-date\"><span class=\"gb-date-wrote-text\"> schrieb am<\/span><span class=\"gb-date-text\"> 21. Dezember 2022<\/span>\n\t\t\t\t\t\t\t<\/span>\n\t\t\t\t\t\t<\/span> \n\t\t\t\t\t<\/div>\n\t\t\t\t\t<div class=\"gb-entry-content\">Liebe Frau Junge, liebes Team, Teddyfreunde aus nah und fern <br \/>\r\n<br \/>\r\nHo, ho, ho, drau\u00dfen vom Walde komme ich her . . . . .<br \/>\r\nund mu\u00df euch sagen, es weihnachtet sehr . . . . .<br \/>\r\n<br \/>\r\nEine besinnliche friedvolle Weihnachtszeit verbunden mit den besten<br \/>\r\nW\u00fcnschen  zum neuen Jahr 2023, vor allem m\u00f6ge Gesundheit<br \/>\r\nstets euer Begleiter sein.<br \/>\r\n<br \/>\r\nSchnute und Maxi immer in meinem Herzen auf all meinen Wegen.<br \/>\r\n<br \/>\r\nHerzlich b\u00e4rige Teddygr\u00fc\u00dfe aus Frankfurt am Main<br \/>\r\nEuer Feriengast seit 2008        Hans Vetter\n\t\t\t\t\t<\/div>\n\t\t\t\t<\/article>\n\t\t\t<\/div>\n\t\t\t<div class=\"gb-entry gb-entry_14 gb-entry-count_19 gwolle-gb-uneven\" id=\"gb-entry_14\" data-entry_id=\"14\">\n\t\t\t\t<article>\n\t\t\t\t\t<div class=\"gb-author-info\">\n\t\t\t\t\t\t<span class=\"gb-author-name\">Monika Schmidt\n\t\t\t\t\t\t<\/span>\n\t\t\t\t\t\t<span class=\"gb-datetime\">\n\t\t\t\t\t\t\t<span class=\"gb-date\"><span class=\"gb-date-wrote-text\"> schrieb am<\/span><span class=\"gb-date-text\"> 17. M\u00e4rz 2022<\/span>\n\t\t\t\t\t\t\t<\/span>\n\t\t\t\t\t\t<\/span> \n\t\t\t\t\t<\/div>\n\t\t\t\t\t<div class=\"gb-entry-content\">Liebe B\u00e4renfreunde und B\u00e4renfreundinnen in Nah und Fern, liebe Frau Junge,<br \/>\r\nheute las ich die Ausgabe 1\/22 &#034;Der Berliner B\u00e4r&#034; und freue mich immer wenn ich diese Quartalszeitung in der Hand halten darf. Da gehen mir viele Gedanken durch den Kopf. Erstmals war ich wohl 1968 am B\u00e4renzwinger mit meiner damals in Berlin lebenden Freundin und ihrer kleinen Tochter... Im Jahr 1977 wurde Berlin (Ost) Heimat f\u00fcr mich und meine Familie. Aber erst zwischen 2004-2014 war der B\u00e4renzwinger mit den dort lebenden Stadtb\u00e4ren Thilo, Schnute und Maxi ein h\u00e4ufiger Start f\u00fcr Spazierg\u00e4nge an Wochenenden. Wenn ich ehrlich bin, beobachtete ich die Tiere gern in Ruhe und relativ arglos... Ich hatte eine andere Sicht als die, die man heute auf &#034;Wildtiere in Gefangenschaft&#034; hat, denn f\u00fcr mich waren die 3 (im fortgeschrittenen Alter) und von ihren Pflegerinnen\/Pfleger liebevoll bereut. Heute herrscht sicher zurecht eine andere Auffassung \u00fcber tiergerechte Unterbringung. Unl\u00e4ngst konnte ich auf der jetzt der Kunst\/Kultur geweihten Anlage das Terrain der Tiere nachempfinden.<br \/>\r\nDer Verein &#034;Berliner B\u00e4renfreunde&#034; widmet sich von Anfang an vielen Themen, die weit \u00fcber die Geschichte des B\u00e4renzwingers und der bis vor wenigen Jahren dort lebenden Tiere hinausgehen. Zu den vielf\u00e4ltigen Verbindungen von St\u00e4dten und Gemeinden der alten BRD zu Berlin als Zeichen der Solidarit\u00e4t mit dem geteilten Berlin (hier v.a. Berlin-West ab 1961), die von der Einrichtung eines &#034;Berliner Platzes&#034; mit Aufstellung von B\u00e4ren unterschiedlicher Darstellung bis zur Feriengestaltung f\u00fcr Kinder aus Berlin-West und kommunalen Beziehungen reichten, wusste ich kaum etwas. In der DDR gro\u00df geworden, war das f\u00fcr mich als Kind und junger Mensch &#034;Kalter Krieg&#034; und weit weg... Erst als ich in Berlin viele Stellen nahe der &#034;Mauer&#034; sah(wo wir nur nur im gro\u00dfen Abstand erahnen konnten, was dort ist, wurde ich neugieriger und auch nachdenklicher. Als 1989\/90 die ersten H\u00fcrden des Zusammenkommens \u00fcberwunden waren, konnten wir uns bei Interesse st\u00e4rker der gesamtdeutschen Geschichte 1945-1989 zuwenden.<br \/>\r\nDer B\u00e4renverein leistete und leistet m.E. durch seinen besonderen Focus auf das Wappentier unserer Stadt (mit dem wir Berliner uns seit 742 Jahren identifizieren) eine besonderen, au\u00dfergew\u00f6hnlichen Beitrag  zum Verst\u00e4ndnis von Kunst, Kultur, Geschichte und Handwerk. Durch die engagierten Forschungen und die wunderbare Website entstand ein interessantes Netzwerk, dass nicht nur auf Berlin und Deutschland beschr\u00e4nkt ist, sondern weltweit Liebhaber und Aktive fand.<br \/>\r\nDaf\u00fcr ganz herzlichen Dank, Ihnen, liebe Frau Junge und allen engagierten B\u00e4renfreund:innen und der Zuruf &#034;Weiter so&#034; !!!<br \/>\r\nMonika Schmidt (&#034;Freundin&#034; der Berliner B\u00e4renfreunde)\n\t\t\t\t\t<\/div>\n\t\t\t\t<\/article>\n\t\t\t<\/div>\n\t\t\t<div class=\"gb-entry gb-entry_15 gb-entry-count_20 gwolle-gb-even\" id=\"gb-entry_15\" data-entry_id=\"15\">\n\t\t\t\t<article>\n\t\t\t\t\t<div class=\"gb-author-info\">\n\t\t\t\t\t\t<span class=\"gb-author-name\">Michael Damm\n\t\t\t\t\t\t<\/span>\n\t\t\t\t\t\t<span class=\"gb-datetime\">\n\t\t\t\t\t\t\t<span class=\"gb-date\"><span class=\"gb-date-wrote-text\"> schrieb am<\/span><span class=\"gb-date-text\"> 16. M\u00e4rz 2022<\/span>\n\t\t\t\t\t\t\t<\/span>\n\t\t\t\t\t\t<\/span> \n\t\t\t\t\t<\/div>\n\t\t\t\t\t<div class=\"gb-entry-content\">Liebe Christa,<br \/>\r\n<br \/>\r\nHerzlichen Dank f\u00fcr die Zusendung der neuen Ausgabe Berliner B\u00e4r!<br \/>\r\n<br \/>\r\nEin sch\u00f6ner \u201eneuer\u201c B\u00e4r in Oer-Erkenschwick!<br \/>\r\n<br \/>\r\nHervorragende Pr\u00e4sentation des Meilensteins in Ihme-Roloven, \u00fcber den bereits 2009 ger\u00e4tselt wurde:<br \/>\r\nhttps:\/\/www.myheimat.de\/hannover-mitte\/wegweiser-nach-berlin-d73177.html#comments<br \/>\r\n<br \/>\r\n - nun hast Du umfangreiches Informationsmaterial \u00fcber den Berliner Meilenstein der \u00d6ffentlichkeit zug\u00e4nglich gemacht, Bravo!<br \/>\r\n<br \/>\r\nAuch der B\u00e4r in Melsungen mir seinem Ebenbild in Siegen und Staaken - endlich eine weitere W\u00fcrdigung von Lilly Voigt!<br \/>\r\n<br \/>\r\nGratulation zu dieser neuen Ausgabe der Berliner B\u00e4renfreunde,<br \/>\r\n<br \/>\r\nDein<br \/>\r\n<br \/>\r\nMichael Damm<br \/>\r\nInitiative Denkmalschutz f\u00fcr Berliner Meilensteine\n\t\t\t\t\t<\/div>\n\t\t\t\t<\/article>\n\t\t\t<\/div>\n\t\t\t<\/div>\n\t\t\t\t<div class=\"page-navigation\">\n\t\t\t\t\t<span class=\"screen-reader-text\">Navigation der G\u00e4stebuchliste<\/span><span class=\"page-numbers current\">1<\/span><a href=\"https:\/\/www.berliner-baerenfreunde.de\/web\/unser-gaestebuch\/?pageNum=2\" title=\"Seite 2\">2<\/a><a href=\"https:\/\/www.berliner-baerenfreunde.de\/web\/unser-gaestebuch\/?pageNum=3\" title=\"Seite 3\">3<\/a><a href=\"https:\/\/www.berliner-baerenfreunde.de\/web\/unser-gaestebuch\/?pageNum=4\" title=\"Seite 4\">4<\/a><a href=\"https:\/\/www.berliner-baerenfreunde.de\/web\/unser-gaestebuch\/?pageNum=5\" title=\"Seite 5\">5<\/a><span class=\"page-numbers dots\">...<\/span><a href=\"https:\/\/www.berliner-baerenfreunde.de\/web\/unser-gaestebuch\/?pageNum=15\" title=\"Seite 15\">15<\/a><a href=\"https:\/\/www.berliner-baerenfreunde.de\/web\/unser-gaestebuch\/?pageNum=2\" title=\"N\u00e4chste Seite\" rel=\"next\">&rarr;<\/a><\/div>\n\t\t<\/div>\n","protected":false},"excerpt":{"rendered":"","protected":false},"author":1,"featured_media":0,"parent":0,"menu_order":0,"comment_status":"closed","ping_status":"closed","template":"","meta":{"ngg_post_thumbnail":0,"footnotes":""},"class_list":["post-18758","page","type-page","status-publish","hentry"],"_links":{"self":[{"href":"https:\/\/www.berliner-baerenfreunde.de\/web\/wp-json\/wp\/v2\/pages\/18758","targetHints":{"allow":["GET"]}}],"collection":[{"href":"https:\/\/www.berliner-baerenfreunde.de\/web\/wp-json\/wp\/v2\/pages"}],"about":[{"href":"https:\/\/www.berliner-baerenfreunde.de\/web\/wp-json\/wp\/v2\/types\/page"}],"author":[{"embeddable":true,"href":"https:\/\/www.berliner-baerenfreunde.de\/web\/wp-json\/wp\/v2\/users\/1"}],"replies":[{"embeddable":true,"href":"https:\/\/www.berliner-baerenfreunde.de\/web\/wp-json\/wp\/v2\/comments?post=18758"}],"version-history":[{"count":3,"href":"https:\/\/www.berliner-baerenfreunde.de\/web\/wp-json\/wp\/v2\/pages\/18758\/revisions"}],"predecessor-version":[{"id":18763,"href":"https:\/\/www.berliner-baerenfreunde.de\/web\/wp-json\/wp\/v2\/pages\/18758\/revisions\/18763"}],"wp:attachment":[{"href":"https:\/\/www.berliner-baerenfreunde.de\/web\/wp-json\/wp\/v2\/media?parent=18758"}],"curies":[{"name":"wp","href":"https:\/\/api.w.org\/{rel}","templated":true}]}}